{"id":4009,"date":"2025-07-18T13:09:07","date_gmt":"2025-07-18T11:09:07","guid":{"rendered":"https:\/\/floresdelsur.fr\/?post_type=product&#038;p=4009"},"modified":"2025-08-11T11:19:29","modified_gmt":"2025-08-11T09:19:29","slug":"aceite-esencial-de-ylang-ylang","status":"publish","type":"product","link":"https:\/\/floresdelsur.fr\/es\/producto\/aceite-esencial-de-ylang-ylang\/","title":{"rendered":"Aceite esencial de ylang-ylang"},"content":{"rendered":"<p><strong>El aceite esencial de Ylang-Ylang ayuda, en el cuidado de la piel, a restaurar la luminosidad de las pieles. piel apagada y cansada y lucha eficazmente contra la piel grasa y contra algunos par\u00e1sitos de la piel como la ti\u00f1a o la sarna.<\/strong><\/p>\n<ul>\n<li>Su poderosa y voluptuosa fragancia tiene fama de ser un afrodis\u00edaco esencial.<\/li>\n<li>Tambi\u00e9n es uno de los aceites esenciales m\u00e1s utilizados en el cuidado del cabello, su aportando fuerza y \u200b\u200bbrillo.<\/li>\n<li>En olfatoterapia psicoenerg\u00e9tica, ayuda a calmar la ira, la rabia, la irritabilidad, todo facilitando la comunicaci\u00f3n en los introvertidos.<\/li>\n<li>Rico en \u00e9steres monoterp\u00e9nicos con efectos antiespasm\u00f3dicos, aceite esencial de Ylang-Ylang se utiliza para calmar los dolores espasm\u00f3dicos, especialmente relacionados con el estr\u00e9s.<\/li>\n<li>Es uno de los mejores aceites esenciales por sus efectos sobre el sistema nervioso, para calmar tensiones, estr\u00e9s, lucha contra la depresi\u00f3n o el insomnio.<\/li>\n<\/ul>\n<p><strong>Propiedades:<\/strong><\/p>\n<ul>\n<li>Antiespasm\u00f3dico<\/li>\n<li>Calmante respiratorio y card\u00edaco<\/li>\n<li>Anti-inflamatoria<\/li>\n<li>Control de plagas<\/li>\n<li>Calmante, antiestr\u00e9s, relajante, equilibrante del sistema nervioso<\/li>\n<li>T\u00f3nico, estimulante intelectual y sexual<\/li>\n<li>Afrodisiaco<\/li>\n<li>T\u00f3nico capilar, favorece la belleza y el brillo del cabello<\/li>\n<li>T\u00f3nico y regenerador de la piel, antioxidante<\/li>\n<li>Depurativo y regulador de la secreci\u00f3n seb\u00e1cea<\/li>\n<\/ul>\n<p><strong>Usos:<\/strong><\/p>\n<ul>\n<li>Para relajarse, mezcle unas gotas de aceite esencial de Ylang-Ylang con una un aceite vegetal como el aceite de arg\u00e1n y realizar un suave masaje en el plexo solar.<\/li>\n<li>Para problemas de la piel, mezcle y aplique en el \u00e1rea 1 gota de aceite esencial en tu crema de d\u00eda o 10 gotas en 50 g de tu crema corporal.<\/li>\n<li>Para el cuidado del cabello, revitaliza tu cabello seco y da\u00f1ado haciendo una mascarilla tratamiento a base de aceite de coco y 2 a 3 gotas de este aceite esencial. Dejar reposar de 5 a 10 minutos y luego hacer un champ\u00fa.<\/li>\n<\/ul>\n<p><strong>Precauciones:<\/strong><\/p>\n<p>Su uso por v\u00eda cut\u00e1nea est\u00e1 contraindicado en mujeres embarazadas o lactantes.<\/p>\n<p>Por difusi\u00f3n atmosf\u00e9rica, se autoriza su uso en mujeres embarazadas m\u00e1s all\u00e1 3 meses de embarazo.<\/p>\n<p>No debe usarse en ni\u00f1os menores de 6 a\u00f1os.<\/p>\n","protected":false},"excerpt":{"rendered":"<p><strong>El aceite esencial de Ylang-Ylang ayuda, en el cuidado de la piel, a restaurar la luminosidad de las pieles. piel apagada y cansada y lucha eficazmente contra la piel grasa y contra algunos par\u00e1sitos de la piel como la ti\u00f1a o la sarna.<\/strong><\/p>\n<ul>\n<li>Su poderosa y voluptuosa fragancia tiene fama de ser un afrodis\u00edaco esencial.<\/li>\n<li>Tambi\u00e9n es uno de los aceites esenciales m\u00e1s utilizados en el cuidado del cabello, su aportando fuerza y \u200b\u200bbrillo.<\/li>\n<li>En olfatoterapia psicoenerg\u00e9tica, ayuda a calmar la ira, la rabia, la irritabilidad, todo facilitando la comunicaci\u00f3n en los introvertidos.<\/li>\n<li>Rico en \u00e9steres monoterp\u00e9nicos con efectos antiespasm\u00f3dicos, aceite esencial de Ylang-Ylang se utiliza para calmar los dolores espasm\u00f3dicos, especialmente relacionados con el estr\u00e9s.<\/li>\n<li>Es uno de los mejores aceites esenciales por sus efectos sobre el sistema nervioso, para calmar tensiones, estr\u00e9s, lucha contra la depresi\u00f3n o el insomnio.<\/li>\n<\/ul>\n<p><strong>Propiedades:<\/strong><\/p>\n<ul>\n<li>Antiespasm\u00f3dico<\/li>\n<li>Calmante respiratorio y card\u00edaco<\/li>\n<li>Anti-inflamatoria<\/li>\n<li>Control de plagas<\/li>\n<li>Calmante, antiestr\u00e9s, relajante, equilibrante del sistema nervioso<\/li>\n<li>T\u00f3nico, estimulante intelectual y sexual<\/li>\n<li>Afrodisiaco<\/li>\n<li>T\u00f3nico capilar, favorece la belleza y el brillo del cabello<\/li>\n<li>T\u00f3nico y regenerador de la piel, antioxidante<\/li>\n<li>Depurativo y regulador de la secreci\u00f3n seb\u00e1cea<\/li>\n<\/ul>\n<p><strong>Usos:<\/strong><\/p>\n<ul>\n<li>Para relajarse, mezcle unas gotas de aceite esencial de Ylang-Ylang con una un aceite vegetal como el aceite de arg\u00e1n y realizar un suave masaje en el plexo solar.<\/li>\n<li>Para problemas de la piel, mezcle y aplique en el \u00e1rea 1 gota de aceite esencial en tu crema de d\u00eda o 10 gotas en 50 g de tu crema corporal.<\/li>\n<li>Para el cuidado del cabello, revitaliza tu cabello seco y da\u00f1ado haciendo una mascarilla tratamiento a base de aceite de coco y 2 a 3 gotas de este aceite esencial. Dejar reposar de 5 a 10 minutos y luego hacer un champ\u00fa.<\/li>\n<\/ul>\n<p><strong>Precauciones:<\/strong><\/p>\n<p>Su uso por v\u00eda cut\u00e1nea est\u00e1 contraindicado en mujeres embarazadas o lactantes.<\/p>\n<p>Por difusi\u00f3n atmosf\u00e9rica, se autoriza su uso en mujeres embarazadas m\u00e1s all\u00e1 3 meses de embarazo.<\/p>\n<p>No debe usarse en ni\u00f1os menores de 6 a\u00f1os.<\/p>\n","protected":false},"featured_media":4084,"comment_status":"open","ping_status":"closed","template":"","meta":{"_acf_changed":false,"inline_featured_image":false,"_joinchat":[]},"product_brand":[],"product_cat":[85],"product_tag":[],"class_list":{"0":"post-4009","1":"product","2":"type-product","3":"status-publish","4":"has-post-thumbnail","6":"product_cat-remate-final","8":"first","9":"instock","10":"shipping-taxable","11":"purchasable","12":"product-type-simple"},"acf":[],"yoast_head":"<!-- This site is optimized with the Yoast SEO Premium plugin v25.1 (Yoast SEO v25.6) - https:\/\/yoast.com\/wordpress\/plugins\/seo\/ -->\n<title>Aceite esencial de ylang-ylang - Floresdelsur<\/title>\n<meta name=\"description\" content=\"Aceite esencial de Ylang-Ylang ayuda, en el cuidado de la piel, a restaurar la luminosidad de las pieles | 654 511 258 | info@floresdelsur.com | \u00a1LL\u00c1MANOS!\" \/>\n<meta name=\"robots\" content=\"index, follow, max-snippet:-1, max-image-preview:large, max-video-preview:-1\" \/>\n<link rel=\"canonical\" href=\"https:\/\/floresdelsur.fr\/es\/producto\/aceite-esencial-de-ylang-ylang\/\" \/>\n<meta property=\"og:locale\" content=\"es_ES\" \/>\n<meta property=\"og:type\" content=\"article\" \/>\n<meta property=\"og:title\" content=\"Aceite esencial de ylang-ylang\" \/>\n<meta property=\"og:description\" content=\"Aceite esencial de Ylang-Ylang ayuda, en el cuidado de la piel, a restaurar la luminosidad de las pieles | 654 511 258 | info@floresdelsur.com | \u00a1LL\u00c1MANOS!\" \/>\n<meta property=\"og:url\" content=\"https:\/\/floresdelsur.fr\/es\/producto\/aceite-esencial-de-ylang-ylang\/\" \/>\n<meta property=\"og:site_name\" content=\"Floresdelsur\" \/>\n<meta property=\"article:publisher\" content=\"https:\/\/www.facebook.com\/FLORESDELSUR.FR\" \/>\n<meta property=\"article:modified_time\" content=\"2025-08-11T09:19:29+00:00\" \/>\n<meta property=\"og:image\" content=\"https:\/\/floresdelsur.fr\/wp-content\/uploads\/2025\/07\/Huile-essentielle-Ylang-Ylang-e1683887451551.png\" \/>\n\t<meta property=\"og:image:width\" content=\"800\" \/>\n\t<meta property=\"og:image:height\" content=\"1067\" \/>\n\t<meta property=\"og:image:type\" content=\"image\/png\" \/>\n<meta name=\"twitter:card\" content=\"summary_large_image\" \/>\n<meta name=\"twitter:label1\" content=\"Tiempo de lectura\" \/>\n\t<meta name=\"twitter:data1\" content=\"1 minuto\" \/>\n<script type=\"application\/ld+json\" class=\"yoast-schema-graph\">{\"@context\":\"https:\/\/schema.org\",\"@graph\":[{\"@type\":\"WebPage\",\"@id\":\"https:\/\/floresdelsur.fr\/es\/producto\/aceite-esencial-de-ylang-ylang\/\",\"url\":\"https:\/\/floresdelsur.fr\/es\/producto\/aceite-esencial-de-ylang-ylang\/\",\"name\":\"Aceite esencial de ylang-ylang - Floresdelsur\",\"isPartOf\":{\"@id\":\"https:\/\/floresdelsur.fr\/es\/#website\"},\"primaryImageOfPage\":{\"@id\":\"https:\/\/floresdelsur.fr\/es\/producto\/aceite-esencial-de-ylang-ylang\/#primaryimage\"},\"image\":{\"@id\":\"https:\/\/floresdelsur.fr\/es\/producto\/aceite-esencial-de-ylang-ylang\/#primaryimage\"},\"thumbnailUrl\":\"https:\/\/floresdelsur.fr\/wp-content\/uploads\/2025\/07\/Huile-essentielle-Ylang-Ylang-e1683887451551.png\",\"datePublished\":\"2025-07-18T11:09:07+00:00\",\"dateModified\":\"2025-08-11T09:19:29+00:00\",\"description\":\"Aceite esencial de Ylang-Ylang ayuda, en el cuidado de la piel, a restaurar la luminosidad de las pieles | 654 511 258 | info@floresdelsur.com | \u00a1LL\u00c1MANOS!\",\"breadcrumb\":{\"@id\":\"https:\/\/floresdelsur.fr\/es\/producto\/aceite-esencial-de-ylang-ylang\/#breadcrumb\"},\"inLanguage\":\"es\",\"potentialAction\":[{\"@type\":\"ReadAction\",\"target\":[\"https:\/\/floresdelsur.fr\/es\/producto\/aceite-esencial-de-ylang-ylang\/\"]}]},{\"@type\":\"ImageObject\",\"inLanguage\":\"es\",\"@id\":\"https:\/\/floresdelsur.fr\/es\/producto\/aceite-esencial-de-ylang-ylang\/#primaryimage\",\"url\":\"https:\/\/floresdelsur.fr\/wp-content\/uploads\/2025\/07\/Huile-essentielle-Ylang-Ylang-e1683887451551.png\",\"contentUrl\":\"https:\/\/floresdelsur.fr\/wp-content\/uploads\/2025\/07\/Huile-essentielle-Ylang-Ylang-e1683887451551.png\",\"width\":800,\"height\":1067},{\"@type\":\"BreadcrumbList\",\"@id\":\"https:\/\/floresdelsur.fr\/es\/producto\/aceite-esencial-de-ylang-ylang\/#breadcrumb\",\"itemListElement\":[{\"@type\":\"ListItem\",\"position\":1,\"name\":\"Portada\",\"item\":\"https:\/\/floresdelsur.fr\/es\/\"},{\"@type\":\"ListItem\",\"position\":2,\"name\":\"Shop\",\"item\":\"https:\/\/floresdelsur.fr\/shop\/\"},{\"@type\":\"ListItem\",\"position\":3,\"name\":\"Aceite esencial de ylang-ylang\"}]},{\"@type\":\"WebSite\",\"@id\":\"https:\/\/floresdelsur.fr\/es\/#website\",\"url\":\"https:\/\/floresdelsur.fr\/es\/\",\"name\":\"Floresdelsur\",\"description\":\"Productos de limpieza e higiene naturales y sostenibles para profesionales\",\"publisher\":{\"@id\":\"https:\/\/floresdelsur.fr\/es\/#organization\"},\"potentialAction\":[{\"@type\":\"SearchAction\",\"target\":{\"@type\":\"EntryPoint\",\"urlTemplate\":\"https:\/\/floresdelsur.fr\/es\/?s={search_term_string}\"},\"query-input\":{\"@type\":\"PropertyValueSpecification\",\"valueRequired\":true,\"valueName\":\"search_term_string\"}}],\"inLanguage\":\"es\"},{\"@type\":\"Organization\",\"@id\":\"https:\/\/floresdelsur.fr\/es\/#organization\",\"name\":\"Floresdelsur\",\"url\":\"https:\/\/floresdelsur.fr\/es\/\",\"logo\":{\"@type\":\"ImageObject\",\"inLanguage\":\"es\",\"@id\":\"https:\/\/floresdelsur.fr\/es\/#\/schema\/logo\/image\/\",\"url\":\"https:\/\/floresdelsur.fr\/wp-content\/uploads\/2025\/08\/icono-reamte-final.jpg\",\"contentUrl\":\"https:\/\/floresdelsur.fr\/wp-content\/uploads\/2025\/08\/icono-reamte-final.jpg\",\"width\":700,\"height\":700,\"caption\":\"Floresdelsur\"},\"image\":{\"@id\":\"https:\/\/floresdelsur.fr\/es\/#\/schema\/logo\/image\/\"},\"sameAs\":[\"https:\/\/www.facebook.com\/FLORESDELSUR.FR\",\"https:\/\/www.instagram.com\/floresdelsur1\/\"]}]}<\/script>\n<!-- \/ Yoast SEO Premium plugin. -->","yoast_head_json":{"title":"Aceite esencial de ylang-ylang - Floresdelsur","description":"Aceite esencial de Ylang-Ylang ayuda, en el cuidado de la piel, a restaurar la luminosidad de las pieles | 654 511 258 | info@floresdelsur.com | \u00a1LL\u00c1MANOS!","robots":{"index":"index","follow":"follow","max-snippet":"max-snippet:-1","max-image-preview":"max-image-preview:large","max-video-preview":"max-video-preview:-1"},"canonical":"https:\/\/floresdelsur.fr\/es\/producto\/aceite-esencial-de-ylang-ylang\/","og_locale":"es_ES","og_type":"article","og_title":"Aceite esencial de ylang-ylang","og_description":"Aceite esencial de Ylang-Ylang ayuda, en el cuidado de la piel, a restaurar la luminosidad de las pieles | 654 511 258 | info@floresdelsur.com | \u00a1LL\u00c1MANOS!","og_url":"https:\/\/floresdelsur.fr\/es\/producto\/aceite-esencial-de-ylang-ylang\/","og_site_name":"Floresdelsur","article_publisher":"https:\/\/www.facebook.com\/FLORESDELSUR.FR","article_modified_time":"2025-08-11T09:19:29+00:00","og_image":[{"width":800,"height":1067,"url":"https:\/\/floresdelsur.fr\/wp-content\/uploads\/2025\/07\/Huile-essentielle-Ylang-Ylang-e1683887451551.png","type":"image\/png"}],"twitter_card":"summary_large_image","twitter_misc":{"Tiempo de lectura":"1 minuto"},"schema":{"@context":"https:\/\/schema.org","@graph":[{"@type":"WebPage","@id":"https:\/\/floresdelsur.fr\/es\/producto\/aceite-esencial-de-ylang-ylang\/","url":"https:\/\/floresdelsur.fr\/es\/producto\/aceite-esencial-de-ylang-ylang\/","name":"Aceite esencial de ylang-ylang - Floresdelsur","isPartOf":{"@id":"https:\/\/floresdelsur.fr\/es\/#website"},"primaryImageOfPage":{"@id":"https:\/\/floresdelsur.fr\/es\/producto\/aceite-esencial-de-ylang-ylang\/#primaryimage"},"image":{"@id":"https:\/\/floresdelsur.fr\/es\/producto\/aceite-esencial-de-ylang-ylang\/#primaryimage"},"thumbnailUrl":"https:\/\/floresdelsur.fr\/wp-content\/uploads\/2025\/07\/Huile-essentielle-Ylang-Ylang-e1683887451551.png","datePublished":"2025-07-18T11:09:07+00:00","dateModified":"2025-08-11T09:19:29+00:00","description":"Aceite esencial de Ylang-Ylang ayuda, en el cuidado de la piel, a restaurar la luminosidad de las pieles | 654 511 258 | info@floresdelsur.com | \u00a1LL\u00c1MANOS!","breadcrumb":{"@id":"https:\/\/floresdelsur.fr\/es\/producto\/aceite-esencial-de-ylang-ylang\/#breadcrumb"},"inLanguage":"es","potentialAction":[{"@type":"ReadAction","target":["https:\/\/floresdelsur.fr\/es\/producto\/aceite-esencial-de-ylang-ylang\/"]}]},{"@type":"ImageObject","inLanguage":"es","@id":"https:\/\/floresdelsur.fr\/es\/producto\/aceite-esencial-de-ylang-ylang\/#primaryimage","url":"https:\/\/floresdelsur.fr\/wp-content\/uploads\/2025\/07\/Huile-essentielle-Ylang-Ylang-e1683887451551.png","contentUrl":"https:\/\/floresdelsur.fr\/wp-content\/uploads\/2025\/07\/Huile-essentielle-Ylang-Ylang-e1683887451551.png","width":800,"height":1067},{"@type":"BreadcrumbList","@id":"https:\/\/floresdelsur.fr\/es\/producto\/aceite-esencial-de-ylang-ylang\/#breadcrumb","itemListElement":[{"@type":"ListItem","position":1,"name":"Portada","item":"https:\/\/floresdelsur.fr\/es\/"},{"@type":"ListItem","position":2,"name":"Shop","item":"https:\/\/floresdelsur.fr\/shop\/"},{"@type":"ListItem","position":3,"name":"Aceite esencial de ylang-ylang"}]},{"@type":"WebSite","@id":"https:\/\/floresdelsur.fr\/es\/#website","url":"https:\/\/floresdelsur.fr\/es\/","name":"Floresdelsur","description":"Productos de limpieza e higiene naturales y sostenibles para profesionales","publisher":{"@id":"https:\/\/floresdelsur.fr\/es\/#organization"},"potentialAction":[{"@type":"SearchAction","target":{"@type":"EntryPoint","urlTemplate":"https:\/\/floresdelsur.fr\/es\/?s={search_term_string}"},"query-input":{"@type":"PropertyValueSpecification","valueRequired":true,"valueName":"search_term_string"}}],"inLanguage":"es"},{"@type":"Organization","@id":"https:\/\/floresdelsur.fr\/es\/#organization","name":"Floresdelsur","url":"https:\/\/floresdelsur.fr\/es\/","logo":{"@type":"ImageObject","inLanguage":"es","@id":"https:\/\/floresdelsur.fr\/es\/#\/schema\/logo\/image\/","url":"https:\/\/floresdelsur.fr\/wp-content\/uploads\/2025\/08\/icono-reamte-final.jpg","contentUrl":"https:\/\/floresdelsur.fr\/wp-content\/uploads\/2025\/08\/icono-reamte-final.jpg","width":700,"height":700,"caption":"Floresdelsur"},"image":{"@id":"https:\/\/floresdelsur.fr\/es\/#\/schema\/logo\/image\/"},"sameAs":["https:\/\/www.facebook.com\/FLORESDELSUR.FR","https:\/\/www.instagram.com\/floresdelsur1\/"]}]}},"_links":{"self":[{"href":"https:\/\/floresdelsur.fr\/es\/wp-json\/wp\/v2\/product\/4009","targetHints":{"allow":["GET"]}}],"collection":[{"href":"https:\/\/floresdelsur.fr\/es\/wp-json\/wp\/v2\/product"}],"about":[{"href":"https:\/\/floresdelsur.fr\/es\/wp-json\/wp\/v2\/types\/product"}],"replies":[{"embeddable":true,"href":"https:\/\/floresdelsur.fr\/es\/wp-json\/wp\/v2\/comments?post=4009"}],"wp:featuredmedia":[{"embeddable":true,"href":"https:\/\/floresdelsur.fr\/es\/wp-json\/wp\/v2\/media\/4084"}],"wp:attachment":[{"href":"https:\/\/floresdelsur.fr\/es\/wp-json\/wp\/v2\/media?parent=4009"}],"wp:term":[{"taxonomy":"product_brand","embeddable":true,"href":"https:\/\/floresdelsur.fr\/es\/wp-json\/wp\/v2\/product_brand?post=4009"},{"taxonomy":"product_cat","embeddable":true,"href":"https:\/\/floresdelsur.fr\/es\/wp-json\/wp\/v2\/product_cat?post=4009"},{"taxonomy":"product_tag","embeddable":true,"href":"https:\/\/floresdelsur.fr\/es\/wp-json\/wp\/v2\/product_tag?post=4009"}],"curies":[{"name":"wp","href":"https:\/\/api.w.org\/{rel}","templated":true}]}}