{"id":4005,"date":"2025-07-18T13:09:07","date_gmt":"2025-07-18T11:09:07","guid":{"rendered":"https:\/\/floresdelsur.fr\/?post_type=product&#038;p=4005"},"modified":"2025-08-11T12:25:14","modified_gmt":"2025-08-11T10:25:14","slug":"aceite-esencial-de-oud-negro","status":"publish","type":"product","link":"https:\/\/floresdelsur.fr\/es\/producto\/aceite-esencial-de-oud-negro\/","title":{"rendered":"Aceite esencial de Oud Negro"},"content":{"rendered":"<p><strong>El aceite esencial de Black Oud a menudo se asocia con lo espiritual.<\/strong><\/p>\n<ul>\n<li>Es \u00fatil para tratar problemas emocionales, nerviosos y psicol\u00f3gicos.<\/li>\n<li>Tiene la capacidad de inducir un estado mediador profundo y es ampliamente reconocido por su propiedades afrodis\u00edacas o para luchar contra el insomnio.<\/li>\n<li>El aceite esencial Black Oud mejora la claridad mental mientras alivia comportamientos neur\u00f3ticos y obsesivos y elimina las energ\u00edas negativas.<\/li>\n<\/ul>\n<p><strong>Propiedades:<\/strong><\/p>\n<ul>\n<li>Antiinflamatorio<\/li>\n<li>Antibacteriano<\/li>\n<li>Antiepil\u00e9ptico<\/li>\n<li>Antiasm\u00e1tico<\/li>\n<li>T\u00f3nico digestivo<\/li>\n<li>Afrodisiaco<\/li>\n<li>Calmante<\/li>\n<li>Relajante<\/li>\n<\/ul>\n<p><strong>Usos:<\/strong><\/p>\n<ul>\n<li>Poner unas gotas sobre un pa\u00f1o o una piedrecita para perfumar la estancia.<\/li>\n<li>Aplique 1 gota en las \u00e1reas c\u00e1lidas del cuerpo (parte posterior de las orejas, parte posterior tu cuello o dentro de tus mu\u00f1ecas) y tu aroma durar\u00e1 m\u00e1s.<\/li>\n<\/ul>\n<p><strong>Precauciones:<\/strong><\/p>\n<ul>\n<li>No usar en mujeres embarazadas o lactantes, y en sujetossensibles (epil\u00e9pticos y al\u00e9rgicos en particular).<\/li>\n<li>Mantener fuera del alcance de los ni\u00f1os.<\/li>\n<\/ul>\n","protected":false},"excerpt":{"rendered":"<p><strong>El aceite esencial de Black Oud a menudo se asocia con lo espiritual.<\/strong><\/p>\n<ul>\n<li>Es \u00fatil para tratar problemas emocionales, nerviosos y psicol\u00f3gicos.<\/li>\n<li>Tiene la capacidad de inducir un estado mediador profundo y es ampliamente reconocido por su propiedades afrodis\u00edacas o para luchar contra el insomnio.<\/li>\n<li>El aceite esencial Black Oud mejora la claridad mental mientras alivia comportamientos neur\u00f3ticos y obsesivos y elimina las energ\u00edas negativas.<\/li>\n<\/ul>\n<p><strong>Propiedades:<\/strong><\/p>\n<ul>\n<li>Antiinflamatorio<\/li>\n<li>Antibacteriano<\/li>\n<li>Antiepil\u00e9ptico<\/li>\n<li>Antiasm\u00e1tico<\/li>\n<li>T\u00f3nico digestivo<\/li>\n<li>Afrodisiaco<\/li>\n<li>Calmante<\/li>\n<li>Relajante<\/li>\n<\/ul>\n<p><strong>Usos:<\/strong><\/p>\n<ul>\n<li>Poner unas gotas sobre un pa\u00f1o o una piedrecita para perfumar la estancia.<\/li>\n<li>Aplique 1 gota en las \u00e1reas c\u00e1lidas del cuerpo (parte posterior de las orejas, parte posterior tu cuello o dentro de tus mu\u00f1ecas) y tu aroma durar\u00e1 m\u00e1s.<\/li>\n<\/ul>\n<p><strong>Precauciones:<\/strong><\/p>\n<ul>\n<li>No usar en mujeres embarazadas o lactantes, y en sujetossensibles (epil\u00e9pticos y al\u00e9rgicos en particular).<\/li>\n<li>Mantener fuera del alcance de los ni\u00f1os.<\/li>\n<\/ul>\n","protected":false},"featured_media":4069,"comment_status":"open","ping_status":"closed","template":"","meta":{"_acf_changed":false,"inline_featured_image":false,"_joinchat":[]},"product_brand":[],"product_cat":[85],"product_tag":[],"class_list":{"0":"post-4005","1":"product","2":"type-product","3":"status-publish","4":"has-post-thumbnail","6":"product_cat-remate-final","8":"first","9":"instock","10":"shipping-taxable","11":"purchasable","12":"product-type-simple"},"acf":[],"yoast_head":"<!-- This site is optimized with the Yoast SEO Premium plugin v25.1 (Yoast SEO v25.6) - https:\/\/yoast.com\/wordpress\/plugins\/seo\/ -->\n<title>Aceite esencial de Oud Negro - Floresdelsur<\/title>\n<meta name=\"description\" content=\"Aceite esencial de Black Oud a menudo se asocia con lo espiritual | 654 511 258 | info@floresdelsur.com | \u00a1LL\u00c1MANOS! | Floresdelsur\" \/>\n<meta name=\"robots\" content=\"index, follow, max-snippet:-1, max-image-preview:large, max-video-preview:-1\" \/>\n<link rel=\"canonical\" href=\"https:\/\/floresdelsur.fr\/es\/producto\/aceite-esencial-de-oud-negro\/\" \/>\n<meta property=\"og:locale\" content=\"es_ES\" \/>\n<meta property=\"og:type\" content=\"article\" \/>\n<meta property=\"og:title\" content=\"Aceite esencial de Oud Negro\" \/>\n<meta property=\"og:description\" content=\"Aceite esencial de Black Oud a menudo se asocia con lo espiritual | 654 511 258 | info@floresdelsur.com | \u00a1LL\u00c1MANOS! | Floresdelsur\" \/>\n<meta property=\"og:url\" content=\"https:\/\/floresdelsur.fr\/es\/producto\/aceite-esencial-de-oud-negro\/\" \/>\n<meta property=\"og:site_name\" content=\"Floresdelsur\" \/>\n<meta property=\"article:publisher\" content=\"https:\/\/www.facebook.com\/FLORESDELSUR.FR\" \/>\n<meta property=\"article:modified_time\" content=\"2025-08-11T10:25:14+00:00\" \/>\n<meta property=\"og:image\" content=\"https:\/\/floresdelsur.fr\/wp-content\/uploads\/2025\/07\/Huile-essentielle-Oud-Noir-e1683887540971.png\" \/>\n\t<meta property=\"og:image:width\" content=\"800\" \/>\n\t<meta property=\"og:image:height\" content=\"1067\" \/>\n\t<meta property=\"og:image:type\" content=\"image\/png\" \/>\n<meta name=\"twitter:card\" content=\"summary_large_image\" \/>\n<meta name=\"twitter:label1\" content=\"Tiempo de lectura\" \/>\n\t<meta name=\"twitter:data1\" content=\"1 minuto\" \/>\n<script type=\"application\/ld+json\" class=\"yoast-schema-graph\">{\"@context\":\"https:\/\/schema.org\",\"@graph\":[{\"@type\":\"WebPage\",\"@id\":\"https:\/\/floresdelsur.fr\/es\/producto\/aceite-esencial-de-oud-negro\/\",\"url\":\"https:\/\/floresdelsur.fr\/es\/producto\/aceite-esencial-de-oud-negro\/\",\"name\":\"Aceite esencial de Oud Negro - Floresdelsur\",\"isPartOf\":{\"@id\":\"https:\/\/floresdelsur.fr\/es\/#website\"},\"primaryImageOfPage\":{\"@id\":\"https:\/\/floresdelsur.fr\/es\/producto\/aceite-esencial-de-oud-negro\/#primaryimage\"},\"image\":{\"@id\":\"https:\/\/floresdelsur.fr\/es\/producto\/aceite-esencial-de-oud-negro\/#primaryimage\"},\"thumbnailUrl\":\"https:\/\/floresdelsur.fr\/wp-content\/uploads\/2025\/07\/Huile-essentielle-Oud-Noir-e1683887540971.png\",\"datePublished\":\"2025-07-18T11:09:07+00:00\",\"dateModified\":\"2025-08-11T10:25:14+00:00\",\"description\":\"Aceite esencial de Black Oud a menudo se asocia con lo espiritual | 654 511 258 | info@floresdelsur.com | \u00a1LL\u00c1MANOS! | Floresdelsur\",\"breadcrumb\":{\"@id\":\"https:\/\/floresdelsur.fr\/es\/producto\/aceite-esencial-de-oud-negro\/#breadcrumb\"},\"inLanguage\":\"es\",\"potentialAction\":[{\"@type\":\"ReadAction\",\"target\":[\"https:\/\/floresdelsur.fr\/es\/producto\/aceite-esencial-de-oud-negro\/\"]}]},{\"@type\":\"ImageObject\",\"inLanguage\":\"es\",\"@id\":\"https:\/\/floresdelsur.fr\/es\/producto\/aceite-esencial-de-oud-negro\/#primaryimage\",\"url\":\"https:\/\/floresdelsur.fr\/wp-content\/uploads\/2025\/07\/Huile-essentielle-Oud-Noir-e1683887540971.png\",\"contentUrl\":\"https:\/\/floresdelsur.fr\/wp-content\/uploads\/2025\/07\/Huile-essentielle-Oud-Noir-e1683887540971.png\",\"width\":800,\"height\":1067},{\"@type\":\"BreadcrumbList\",\"@id\":\"https:\/\/floresdelsur.fr\/es\/producto\/aceite-esencial-de-oud-negro\/#breadcrumb\",\"itemListElement\":[{\"@type\":\"ListItem\",\"position\":1,\"name\":\"Portada\",\"item\":\"https:\/\/floresdelsur.fr\/es\/\"},{\"@type\":\"ListItem\",\"position\":2,\"name\":\"Shop\",\"item\":\"https:\/\/floresdelsur.fr\/shop\/\"},{\"@type\":\"ListItem\",\"position\":3,\"name\":\"Aceite esencial de Oud Negro\"}]},{\"@type\":\"WebSite\",\"@id\":\"https:\/\/floresdelsur.fr\/es\/#website\",\"url\":\"https:\/\/floresdelsur.fr\/es\/\",\"name\":\"Floresdelsur\",\"description\":\"Productos de limpieza e higiene naturales y sostenibles para profesionales\",\"publisher\":{\"@id\":\"https:\/\/floresdelsur.fr\/es\/#organization\"},\"potentialAction\":[{\"@type\":\"SearchAction\",\"target\":{\"@type\":\"EntryPoint\",\"urlTemplate\":\"https:\/\/floresdelsur.fr\/es\/?s={search_term_string}\"},\"query-input\":{\"@type\":\"PropertyValueSpecification\",\"valueRequired\":true,\"valueName\":\"search_term_string\"}}],\"inLanguage\":\"es\"},{\"@type\":\"Organization\",\"@id\":\"https:\/\/floresdelsur.fr\/es\/#organization\",\"name\":\"Floresdelsur\",\"url\":\"https:\/\/floresdelsur.fr\/es\/\",\"logo\":{\"@type\":\"ImageObject\",\"inLanguage\":\"es\",\"@id\":\"https:\/\/floresdelsur.fr\/es\/#\/schema\/logo\/image\/\",\"url\":\"https:\/\/floresdelsur.fr\/wp-content\/uploads\/2025\/08\/icono-reamte-final.jpg\",\"contentUrl\":\"https:\/\/floresdelsur.fr\/wp-content\/uploads\/2025\/08\/icono-reamte-final.jpg\",\"width\":700,\"height\":700,\"caption\":\"Floresdelsur\"},\"image\":{\"@id\":\"https:\/\/floresdelsur.fr\/es\/#\/schema\/logo\/image\/\"},\"sameAs\":[\"https:\/\/www.facebook.com\/FLORESDELSUR.FR\",\"https:\/\/www.instagram.com\/floresdelsur1\/\"]}]}<\/script>\n<!-- \/ Yoast SEO Premium plugin. -->","yoast_head_json":{"title":"Aceite esencial de Oud Negro - Floresdelsur","description":"Aceite esencial de Black Oud a menudo se asocia con lo espiritual | 654 511 258 | info@floresdelsur.com | \u00a1LL\u00c1MANOS! | Floresdelsur","robots":{"index":"index","follow":"follow","max-snippet":"max-snippet:-1","max-image-preview":"max-image-preview:large","max-video-preview":"max-video-preview:-1"},"canonical":"https:\/\/floresdelsur.fr\/es\/producto\/aceite-esencial-de-oud-negro\/","og_locale":"es_ES","og_type":"article","og_title":"Aceite esencial de Oud Negro","og_description":"Aceite esencial de Black Oud a menudo se asocia con lo espiritual | 654 511 258 | info@floresdelsur.com | \u00a1LL\u00c1MANOS! | Floresdelsur","og_url":"https:\/\/floresdelsur.fr\/es\/producto\/aceite-esencial-de-oud-negro\/","og_site_name":"Floresdelsur","article_publisher":"https:\/\/www.facebook.com\/FLORESDELSUR.FR","article_modified_time":"2025-08-11T10:25:14+00:00","og_image":[{"width":800,"height":1067,"url":"https:\/\/floresdelsur.fr\/wp-content\/uploads\/2025\/07\/Huile-essentielle-Oud-Noir-e1683887540971.png","type":"image\/png"}],"twitter_card":"summary_large_image","twitter_misc":{"Tiempo de lectura":"1 minuto"},"schema":{"@context":"https:\/\/schema.org","@graph":[{"@type":"WebPage","@id":"https:\/\/floresdelsur.fr\/es\/producto\/aceite-esencial-de-oud-negro\/","url":"https:\/\/floresdelsur.fr\/es\/producto\/aceite-esencial-de-oud-negro\/","name":"Aceite esencial de Oud Negro - Floresdelsur","isPartOf":{"@id":"https:\/\/floresdelsur.fr\/es\/#website"},"primaryImageOfPage":{"@id":"https:\/\/floresdelsur.fr\/es\/producto\/aceite-esencial-de-oud-negro\/#primaryimage"},"image":{"@id":"https:\/\/floresdelsur.fr\/es\/producto\/aceite-esencial-de-oud-negro\/#primaryimage"},"thumbnailUrl":"https:\/\/floresdelsur.fr\/wp-content\/uploads\/2025\/07\/Huile-essentielle-Oud-Noir-e1683887540971.png","datePublished":"2025-07-18T11:09:07+00:00","dateModified":"2025-08-11T10:25:14+00:00","description":"Aceite esencial de Black Oud a menudo se asocia con lo espiritual | 654 511 258 | info@floresdelsur.com | \u00a1LL\u00c1MANOS! | Floresdelsur","breadcrumb":{"@id":"https:\/\/floresdelsur.fr\/es\/producto\/aceite-esencial-de-oud-negro\/#breadcrumb"},"inLanguage":"es","potentialAction":[{"@type":"ReadAction","target":["https:\/\/floresdelsur.fr\/es\/producto\/aceite-esencial-de-oud-negro\/"]}]},{"@type":"ImageObject","inLanguage":"es","@id":"https:\/\/floresdelsur.fr\/es\/producto\/aceite-esencial-de-oud-negro\/#primaryimage","url":"https:\/\/floresdelsur.fr\/wp-content\/uploads\/2025\/07\/Huile-essentielle-Oud-Noir-e1683887540971.png","contentUrl":"https:\/\/floresdelsur.fr\/wp-content\/uploads\/2025\/07\/Huile-essentielle-Oud-Noir-e1683887540971.png","width":800,"height":1067},{"@type":"BreadcrumbList","@id":"https:\/\/floresdelsur.fr\/es\/producto\/aceite-esencial-de-oud-negro\/#breadcrumb","itemListElement":[{"@type":"ListItem","position":1,"name":"Portada","item":"https:\/\/floresdelsur.fr\/es\/"},{"@type":"ListItem","position":2,"name":"Shop","item":"https:\/\/floresdelsur.fr\/shop\/"},{"@type":"ListItem","position":3,"name":"Aceite esencial de Oud Negro"}]},{"@type":"WebSite","@id":"https:\/\/floresdelsur.fr\/es\/#website","url":"https:\/\/floresdelsur.fr\/es\/","name":"Floresdelsur","description":"Productos de limpieza e higiene naturales y sostenibles para profesionales","publisher":{"@id":"https:\/\/floresdelsur.fr\/es\/#organization"},"potentialAction":[{"@type":"SearchAction","target":{"@type":"EntryPoint","urlTemplate":"https:\/\/floresdelsur.fr\/es\/?s={search_term_string}"},"query-input":{"@type":"PropertyValueSpecification","valueRequired":true,"valueName":"search_term_string"}}],"inLanguage":"es"},{"@type":"Organization","@id":"https:\/\/floresdelsur.fr\/es\/#organization","name":"Floresdelsur","url":"https:\/\/floresdelsur.fr\/es\/","logo":{"@type":"ImageObject","inLanguage":"es","@id":"https:\/\/floresdelsur.fr\/es\/#\/schema\/logo\/image\/","url":"https:\/\/floresdelsur.fr\/wp-content\/uploads\/2025\/08\/icono-reamte-final.jpg","contentUrl":"https:\/\/floresdelsur.fr\/wp-content\/uploads\/2025\/08\/icono-reamte-final.jpg","width":700,"height":700,"caption":"Floresdelsur"},"image":{"@id":"https:\/\/floresdelsur.fr\/es\/#\/schema\/logo\/image\/"},"sameAs":["https:\/\/www.facebook.com\/FLORESDELSUR.FR","https:\/\/www.instagram.com\/floresdelsur1\/"]}]}},"_links":{"self":[{"href":"https:\/\/floresdelsur.fr\/es\/wp-json\/wp\/v2\/product\/4005","targetHints":{"allow":["GET"]}}],"collection":[{"href":"https:\/\/floresdelsur.fr\/es\/wp-json\/wp\/v2\/product"}],"about":[{"href":"https:\/\/floresdelsur.fr\/es\/wp-json\/wp\/v2\/types\/product"}],"replies":[{"embeddable":true,"href":"https:\/\/floresdelsur.fr\/es\/wp-json\/wp\/v2\/comments?post=4005"}],"wp:featuredmedia":[{"embeddable":true,"href":"https:\/\/floresdelsur.fr\/es\/wp-json\/wp\/v2\/media\/4069"}],"wp:attachment":[{"href":"https:\/\/floresdelsur.fr\/es\/wp-json\/wp\/v2\/media?parent=4005"}],"wp:term":[{"taxonomy":"product_brand","embeddable":true,"href":"https:\/\/floresdelsur.fr\/es\/wp-json\/wp\/v2\/product_brand?post=4005"},{"taxonomy":"product_cat","embeddable":true,"href":"https:\/\/floresdelsur.fr\/es\/wp-json\/wp\/v2\/product_cat?post=4005"},{"taxonomy":"product_tag","embeddable":true,"href":"https:\/\/floresdelsur.fr\/es\/wp-json\/wp\/v2\/product_tag?post=4005"}],"curies":[{"name":"wp","href":"https:\/\/api.w.org\/{rel}","templated":true}]}}